{"id":41,"date":"2019-04-07T14:01:31","date_gmt":"2019-04-07T14:01:31","guid":{"rendered":"http:\/\/sebastianbathe.com\/?page_id=41"},"modified":"2022-11-10T23:10:05","modified_gmt":"2022-11-10T23:10:05","slug":"vita","status":"publish","type":"page","link":"https:\/\/sebastianbathe.com\/?page_id=41","title":{"rendered":"Vita"},"content":{"rendered":"\n<p><\/p>\n\n\n\n<p><strong>2020 <\/strong>          Abschluss und Meistersch\u00fcler bei Prof.in. Franka H\u00f6rnschemeyer<br><\/p>\n\n\n\n<p><strong>2015<\/strong>            Klasse Prof.in. Franka H\u00f6rnschemeyer<\/p>\n\n\n\n<p><strong>2017\u20132020<\/strong>  Poetik und \u00c4sthetik bei Prof. Durs Gr\u00fcnbein<\/p>\n\n\n\n<p><strong>2012<\/strong>            Klasse Prof. Hubert Kiecol <\/p>\n\n\n\n<p><strong>2011<\/strong>            Studium der Freien Kunst, Kunstakademie D\u00fcsseldorf<\/p>\n\n\n\n<p><strong>2007- 2011<\/strong> Lehre zum Tischler<\/p>\n\n\n\n<p><strong>1985<\/strong>          *<\/p>\n\n\n\n<div style=\"height:100px\" aria-hidden=\"true\" class=\"wp-block-spacer\"><\/div>\n\n\n\n<h2><strong>Ausstellungen<\/strong><\/h2>\n\n\n\n<p><strong>Mai 2022<\/strong> &#8211; <em>1989\/2020\/2038 <\/em>&#8211; pale blue dot &#8211; international positions on the environment, Showroom 1, Erkratherstra\u00dfe 365, D\u00fcsseldorf, 6 &#8211; 28 Mai<\/p>\n\n\n\n<p><strong>Juli 2021<\/strong> &#8211; <em>Staub<\/em> live in der Arbeit <em>2020<\/em>, 03. juli, 21h, Unikat Witten<\/p>\n\n\n\n<p><strong>Juni 2021<\/strong> &#8211; <em>2020<\/em>, Unikat, Witten, 05. Juni &#8211; 03. Juli<\/p>\n\n\n\n<p><strong>M\u00e4rz 2021<\/strong> &#8211; <em>2020<\/em>, PALACE e.V, Worringer Platz, D\u00fcsseldorf, ab 21. M\u00e4rz <\/p>\n\n\n\n<p><strong>Februar 202<\/strong>1 &#8211; <em>1989\/2020\/2038<\/em> &#8211; coming to voice. Absolvent_innen der Kunstakademie D\u00fcsseldorf 2020, k21 D\u00fcsseldorf,  12. Februar &#8211; 21. M\u00e4rz<\/p>\n\n\n\n<p><strong>Februar 2020 <\/strong>&#8211; <em>Flo\u00df der Medusa<\/em> &#8211; Abschlusspr\u00e4sentation, Kunstakademie D\u00fcsseldorf, 5. &#8211; 9. Februar<\/p>\n\n\n\n<p><strong>Juni 2019 <\/strong>&#8211; <em>arbeitstitel<\/em> &#8211; recording, K\u00fcnstlerforum Bonn (barke&amp;barke), 22. Juni &#8211; 14. Juli, Bonn<\/p>\n\n\n\n<p><strong>Februar 2019 <\/strong>&#8211; <em>1989<\/em>, Kunstakademie D\u00fcsseldorf, 6. &#8211; 10. Februar<\/p>\n\n\n\n<p><strong>Januar 2018<\/strong> &#8211; <em>arbeitstitel<\/em>, Akademie Arbeitstitel, Kunsthalle D\u00fcsseldorf<\/p>\n\n\n\n<p><strong>November 2017<\/strong>&#8211;  <em>arbeitstitel<\/em>, Akademie Arbeitstitel, Grabbeplatz D\u00fcsseldorf<\/p>\n\n\n\n<p><strong>Januar 2017<\/strong> &#8211; <em>Woofer<\/em>, Gold + Beton, K\u00f6ln (barke&amp;barke)<\/p>\n\n\n\n<p><strong>September 2016<\/strong> &#8211; <em>Woofer<\/em>, Oberwetz Taunus (barke&amp;barke)<\/p>\n\n\n\n<p><strong>April 2016 <\/strong>&#8211; <em>timeline<\/em>, Art Cologne, Galerie Adler (d) und Galerie Ancient and Modern (ldn)<\/p>\n\n\n\n<p><strong>Februar 2015<\/strong> &#8211; <em>fick dich, ich fahr nach kalifornien<\/em>, Kunstakademie D\u00fcsseldorf<\/p>\n\n\n\n<p><strong>Dezember 2013<\/strong> &#8211; <em>Paderborn<\/em>, Klasse Kiecol, alter Toom Baumarkt, D\u00fcsseldorf<\/p>\n\n\n\n<p><strong>Oktober 2013 <\/strong>&#8211; Grupenausstellung mit und kuratiert von Rob Voerman, hkz D\u00fcsseldorf<\/p>\n\n\n\n<p><strong>April 2013<\/strong> &#8211; <em>jessy and me<\/em>, live Soundmontage mit Jessy (rapper, prt\/ndl), Treppe Atelier 001, Kunstakademie D\u00fcsseldorf<\/p>\n\n\n\n<p><strong>April 2013<\/strong> &#8211; <em>rollmopsmassaker mit benetnash<\/em>, Atelier 003, Kunstakademie D\u00fcsseldorf<\/p>\n\n\n\n<p><strong>M\u00e4rz 2013<\/strong> &#8211; <em>bambule mit benetnash<\/em>, Eiskellerstra\ufb02e D\u00fcsseldorf<\/p>\n\n\n\n<p><strong>November 2011<\/strong> &#8211; <em>zaha und kowalski<\/em>, mit Martina Mongrovius, K\u00f6ln<\/p>\n\n\n\n<p><strong>September 2011<\/strong> &#8211; <em>palmero<\/em>, mit Michael Marx, galerie Moutezza K\u00f6ln<\/p>\n","protected":false},"excerpt":{"rendered":"<p>2020 Abschluss und Meistersch\u00fcler bei Prof.in. Franka H\u00f6rnschemeyer 2015 Klasse Prof.in. Franka H\u00f6rnschemeyer 2017\u20132020 Poetik und \u00c4sthetik bei Prof. Durs Gr\u00fcnbein 2012 Klasse Prof. Hubert Kiecol 2011 Studium der Freien Kunst, Kunstakademie D\u00fcsseldorf 2007- 2011 Lehre zum Tischler 1985 * Ausstellungen Mai 2022 &#8211; 1989\/2020\/2038 &#8211; pale blue dot &#8211; international positions on the environment, [&hellip;]<\/p>\n","protected":false},"author":1,"featured_media":0,"parent":0,"menu_order":4,"comment_status":"closed","ping_status":"closed","template":"","meta":{"spay_email":""},"_links":{"self":[{"href":"https:\/\/sebastianbathe.com\/index.php?rest_route=\/wp\/v2\/pages\/41"}],"collection":[{"href":"https:\/\/sebastianbathe.com\/index.php?rest_route=\/wp\/v2\/pages"}],"about":[{"href":"https:\/\/sebastianbathe.com\/index.php?rest_route=\/wp\/v2\/types\/page"}],"author":[{"embeddable":true,"href":"https:\/\/sebastianbathe.com\/index.php?rest_route=\/wp\/v2\/users\/1"}],"replies":[{"embeddable":true,"href":"https:\/\/sebastianbathe.com\/index.php?rest_route=%2Fwp%2Fv2%2Fcomments&post=41"}],"version-history":[{"count":43,"href":"https:\/\/sebastianbathe.com\/index.php?rest_route=\/wp\/v2\/pages\/41\/revisions"}],"predecessor-version":[{"id":1642,"href":"https:\/\/sebastianbathe.com\/index.php?rest_route=\/wp\/v2\/pages\/41\/revisions\/1642"}],"wp:attachment":[{"href":"https:\/\/sebastianbathe.com\/index.php?rest_route=%2Fwp%2Fv2%2Fmedia&parent=41"}],"curies":[{"name":"wp","href":"https:\/\/api.w.org\/{rel}","templated":true}]}}